{"id":276,"date":"2020-09-30T10:30:51","date_gmt":"2020-09-30T08:30:51","guid":{"rendered":"https:\/\/www.vlbf.se\/?page_id=276"},"modified":"2024-07-02T11:56:19","modified_gmt":"2024-07-02T09:56:19","slug":"vad-vi-gor","status":"publish","type":"page","link":"https:\/\/www.vlbf.se\/?page_id=276","title":{"rendered":"Vad vi g\u00f6r"},"content":{"rendered":"\n<p><em>V\u00e4stmanlands l\u00e4nsbildningsf\u00f6rbund befinner sig i alla de sammanhang som syftar till att st\u00e4rka folkbildningen och civilsamh\u00e4llets roll i l\u00e4net. Det kan handla om att skapa modeller f\u00f6r samverkan mellan kommunerna och civilsamh\u00e4llet, att \u00f6ka den digitala delaktigheten bland inv\u00e5narna eller att bidra till det regionala arbetet med h\u00e5llbar utveckling. H\u00e4r nedan beskrivs de olika plattformar d\u00e4r vi verkar.<\/em><\/p>\n\n\n\n<p><strong>Lokala \u00f6verenskommelser<\/strong><br>Efter initiativ och beslut fr\u00e5n politiken i V\u00e4ster\u00e5s stad \u00e5r 2012, inleddes en process f\u00f6r utformning av en lokal \u00f6verenskommelse mellan V\u00e4ster\u00e5s stad och civilsamh\u00e4llet \u00e5r 2014. Den f\u00e4rdiga \u00f6verenskommelsen lanserades f\u00f6r underskrifter p\u00e5 kulturnatten 2015. Under \u00e5r 2017 gjordes sm\u00e4rre revideringar och den nuvarande g\u00e4ller 2018\u20132024.<\/p>\n\n\n\n<p>Den lokala \u00f6verenskommelsen f\u00f6r V\u00e4ster\u00e5s skiljer sig p\u00e5 n\u00e5gra punkter j\u00e4mf\u00f6rt med den nationella \u00f6verenskommelsen fr\u00e5n 2008 som fokuserade p\u00e5 sociala fr\u00e5gor. L\u00d6K:en V\u00e4ster\u00e5s har fr\u00e5n b\u00f6rjan haft ambitionen att samla hela civilsamh\u00e4llet, fr\u00e5n kultur, idrott, funktionshinderr\u00f6relsen, seniororganisationer och kyrkliga sammanslutningar.<\/p>\n\n\n\n<figure class=\"wp-block-pullquote\"><blockquote><p>Syftet med lokala \u00f6verenskommelser \u00e4r att hitta s\u00e4tt f\u00f6r kommunen och civilsamh\u00e4llets organisationer att f\u00f6rst\u00e4rka varandra och p\u00e5 s\u00e5 s\u00e4tt berika det samh\u00e4lle vi lever i.<\/p><\/blockquote><\/figure>\n\n\n\n<p>N\u00e4r den nationella \u00f6verenskommelsen avslutades 2018 och ist\u00e4llet \u00f6vergick till NOD (Nationellt organ f\u00f6r dialog och samr\u00e5d mellan regeringen och det civila samh\u00e4llet) breddades perspektivet till att g\u00e4lla hela civilsamh\u00e4llet.&nbsp;Dock omfattar NOD endast samverkan p\u00e5 nationell niv\u00e5.&nbsp;<\/p>\n\n\n\n<p>Definition av civilsamh\u00e4llet: \u201dBegreppet det civila samh\u00e4llet anv\u00e4nds i betydelsen av en arena, skild fr\u00e5n staten, marknaden och det enskilda hush\u00e5llet d\u00e4r m\u00e4nniskor, grupper och organisationer agerar tillsammans f\u00f6r gemensamma intressen. Inom det civila samh\u00e4llet verkar bland annat ideella f\u00f6reningar, stiftelser och registrerade trossamfund, men \u00e4ven n\u00e4tverk, tillf\u00e4lliga sammanslutningar och andra akt\u00f6rer \u201d<\/p>\n\n\n\n<p>Syftet med lokala \u00f6verenskommelser \u00e4r att hitta s\u00e4tt f\u00f6r kommunen och civilsamh\u00e4llets organisationer att f\u00f6rst\u00e4rka varandra och p\u00e5 s\u00e5 s\u00e4tt berika det samh\u00e4lle vi lever i. Det \u00e4r en p\u00e5g\u00e5ende process som handlar om hur vi f\u00f6rh\u00e5ller oss till varandra. L\u00d6K:en i V\u00e4ster\u00e5s bygger p\u00e5 fyra olika principer:<\/p>\n\n\n\n<ul><li>Principen om dialog och samverkan<\/li><li>Principen om m\u00e5ngfald och f\u00f6rnyelse<\/li><li>Principen om l\u00e5ngsiktighet och kvalitet<\/li><li>Principen om \u00f6ppenhet och tillg\u00e4nglighet<\/li><\/ul>\n\n\n\n<p>Kopplat till den lokala \u00f6verenskommelsen finns en gemensamt framtagen handlingsplan som f\u00f6r n\u00e4rvarande g\u00e4ller 2022\u20132024. I handlingsplanen finns under respektive princip ett antal \u00e5taganden f\u00f6r V\u00e4ster\u00e5s stad och civilsamh\u00e4llet. I dagsl\u00e4get har ca 100 st organisationer skrivit under den lokala \u00f6verenskommelsen. De representerar en bredd av olika organisationer s\u00e5som: \u00a0<\/p>\n\n\n\n<ul><li>Personer med funktionsneds\u00e4ttning<\/li><li>Unga<\/li><li>Gamla<\/li><li>Ekonomiska f\u00f6reningar<\/li><li>Ideella f\u00f6reningar<\/li><li>Studief\u00f6rbund<\/li><li>Trossamfund och stiftelse<\/li><\/ul>\n\n\n\n<p><strong>Digicirklar<\/strong><\/p>\n\n\n\n<p>Vi vill att alla ska k\u00e4nna sig s\u00e4kra online &#8211; det \u00e4r allas n\u00e4t!<\/p>\n\n\n\n<p>Digi+ \u00e4r folkbildning f\u00f6r att sprida och \u00f6ka kunskap bland \u00e4ldre, utrikesf\u00f6dda samt funktionsnedsatta, kring digital teknik och handhavandet av digitala verktyg och appar i smarta telefoner och surfplattor. Ambitionen \u00e4r att st\u00e4rka f\u00f6rst\u00e5elsen f\u00f6r n\u00e4tet och f\u00f6r viktiga samh\u00e4llsfunktioner och tj\u00e4nster som blivit digitala.<\/p>\n\n\n\n<p>Gruppen tr\u00e4ffas fem g\u00e5nger, under totalt 15 studietimmar, med en van cirkelledare. Tillsammans l\u00e4r ni er mer om att anv\u00e4nda exempelvis BankID, Swish, 1177 och bibliotekstj\u00e4nster, samt att bli mer k\u00e4llkritisk och vaksam f\u00f6r att undg\u00e5 att bli utsatt f\u00f6r bedr\u00e4gerier.<\/p>\n\n\n\n<p>Det \u00e4r kostnadsfritt f\u00f6r dig att delta, tack vare st\u00f6d fr\u00e5n L\u00e4nsstyrelsen V\u00e4stmanlands l\u00e4n och Region V\u00e4stmanland.<\/p>\n\n\n\n<p>\u00c4r du intresserad? Kontakta ett studief\u00f6rbund eller mejla Digi+ samordnaren Lena Olofsson, <a rel=\"noreferrer noopener\" href=\"mailto:lena@vlbf.se\" target=\"_blank\">lena@vlbf.se<\/a>, s\u00e5 guidar hon dig vidare.&nbsp;<\/p>\n\n\n\n<p><strong>Samverkansr\u00e5det f\u00f6r social h\u00e5llbarhet<\/strong><\/p>\n\n\n\n<p>Samverkansr\u00e5det f\u00f6r social h\u00e5llbarhet \u00e4r ett strategiskt forum f\u00f6r sociala h\u00e5llbarhetsfr\u00e5gor i V\u00e4stmanlands l\u00e4n. R\u00e5det \u00e4r sektors\u00f6vergripande och best\u00e5r av personer i ledande positioner fr\u00e5n kommuner, statliga myndigheter, Region V\u00e4stmanland, n\u00e4ringslivet och civilsamh\u00e4llet.<br>Samverkansr\u00e5det syftar till att f\u00f6ra samman och samordna olika samh\u00e4llsintressen och utvecklingsfr\u00e5gor inom social h\u00e5llbarhet s\u00e5som exempelvis j\u00e4mst\u00e4lldhet och m\u00e4nskliga r\u00e4ttigheter, integration, brottsf\u00f6rebyggande arbete och folkh\u00e4lsa. R\u00e5det ska kunna ge en l\u00e5ngsiktig strategisk ledning och skapa samhandling f\u00f6r att kunna hantera sektors\u00f6vergripande utmaningar som ingen enskild akt\u00f6r kan l\u00f6sa sj\u00e4lv.<br>R\u00e5dets vision \u00e4r att f\u00f6rb\u00e4ttra m\u00e4nniskors livsvillkor, skapa ett socialt h\u00e5llbart V\u00e4stmanland och att vara en motor f\u00f6r en l\u00e5ngsiktig positiv samh\u00e4llsutveckling i l\u00e4net.<\/p>\n\n\n\n<p><strong>F\u00f6rbundet Agenda 2030<\/strong><\/p>\n\n\n\n<p>F\u00f6rbundet Agenda 2030:s roll \u00e4r att vara p\u00e5drivare, kunskapsspridare och n\u00e4tverksbyggare f\u00f6r h\u00e5llbar utveckling. Det \u00e4r en regional m\u00f6tesplats f\u00f6r ett 70-tal medlemmar fr\u00e5n b\u00e5de offentlig, privat och ideell sektor i V\u00e4stmanlands l\u00e4n med omnejd, d\u00e4ribland V\u00e4stmanlands L\u00e4nsbildningsf\u00f6rbund.<\/p>\n\n\n\n<p><strong>Regionalt arrang\u00f6rsn\u00e4tverk<\/strong><\/p>\n\n\n\n<p>VLBF ing\u00e5r i Region V\u00e4stmanlands regionala n\u00e4tverk f\u00f6r arrang\u00f6rsutveckling. N\u00e4tverket \u00e4r sammansatt av konsulenter och utvecklare f\u00f6r de olika konstomr\u00e5den som omfattas av den regionala kulturplanen. N\u00e4tverket syftar till att, med utg\u00e5ngspunkt fr\u00e5n den regionala kulturplanen, st\u00e4rka arrang\u00f6rernas st\u00e4llning och g\u00f6ra det enklare f\u00f6r dem att verka, d\u00e5 arrang\u00f6rerna \u00e4r en viktig kategori f\u00f6r att l\u00e4net ska ha ett aktivt och levande kulturutbud.<\/p>\n\n\n\n<p><strong>Kultur- och fritidschefsn\u00e4tverket<\/strong><\/p>\n\n\n\n<p><strong>Leader M\u00e4lardalen<\/strong><\/p>\n\n\n\n<p>Leader M\u00e4lardalen \u00e4r en ideell f\u00f6rening som arbetar med lokal utveckling genom leadermetoden, inom Leader M\u00e4lardalens geografiska omr\u00e5de. St\u00f6den finansieras av EU, svenska staten och kommunerna i omr\u00e5det. D\u00e4rav kallar vi det st\u00f6d och inte bidrag. F\u00f6r verksamhetsperioden 2023-2027 har Leader M\u00e4lardalen en budget p\u00e5 44 miljoner kronor att investera i utvecklingen av omr\u00e5det.<\/p>\n\n\n\n<p><strong>V\u00e4stmanlands partnerskap f\u00f6r landsbygdsfr\u00e5gor<\/strong><\/p>\n\n\n\n<div class=\"wp-container-1 wp-block-group\"><div class=\"wp-block-group__inner-container\">\n<p><strong>Lokala samr\u00e5d<\/strong> <\/p>\n\n\n\n<p>Forum f\u00f6r folkbildningens anst\u00e4llda i l\u00e4net och kommunernas tj\u00e4nstepersoner.\u00a0Syftet \u00e4r att l\u00e4ra k\u00e4nna varandra, lyfta aktuella fr\u00e5gor\u00a0och vid behov bjuda in andra akt\u00f6rer.\u00a0F\u00f6r n\u00e4rvarande finns fyra lokala samr\u00e5d: KAK, norra l\u00e4net, Hallsta-Sura och V\u00e4ster\u00e5s-Sala. Tr\u00e4ffarna sker 2-4 ggr om \u00e5ret och organisationerna turas om att vara v\u00e4rdar.<\/p>\n<\/div><\/div>\n","protected":false},"excerpt":{"rendered":"<p>V\u00e4stmanlands l\u00e4nsbildningsf\u00f6rbund befinner sig i alla de sammanhang som syftar till att st\u00e4rka folkbildningen och civilsamh\u00e4llets roll i l\u00e4net. Det&#8230;<\/p>\n","protected":false},"author":5,"featured_media":0,"parent":0,"menu_order":0,"comment_status":"closed","ping_status":"closed","template":"","meta":[],"_links":{"self":[{"href":"https:\/\/www.vlbf.se\/index.php?rest_route=\/wp\/v2\/pages\/276"}],"collection":[{"href":"https:\/\/www.vlbf.se\/index.php?rest_route=\/wp\/v2\/pages"}],"about":[{"href":"https:\/\/www.vlbf.se\/index.php?rest_route=\/wp\/v2\/types\/page"}],"author":[{"embeddable":true,"href":"https:\/\/www.vlbf.se\/index.php?rest_route=\/wp\/v2\/users\/5"}],"replies":[{"embeddable":true,"href":"https:\/\/www.vlbf.se\/index.php?rest_route=%2Fwp%2Fv2%2Fcomments&post=276"}],"version-history":[{"count":26,"href":"https:\/\/www.vlbf.se\/index.php?rest_route=\/wp\/v2\/pages\/276\/revisions"}],"predecessor-version":[{"id":679,"href":"https:\/\/www.vlbf.se\/index.php?rest_route=\/wp\/v2\/pages\/276\/revisions\/679"}],"wp:attachment":[{"href":"https:\/\/www.vlbf.se\/index.php?rest_route=%2Fwp%2Fv2%2Fmedia&parent=276"}],"curies":[{"name":"wp","href":"https:\/\/api.w.org\/{rel}","templated":true}]}}