{"id":8,"date":"2014-09-25T21:05:27","date_gmt":"2014-09-25T19:05:27","guid":{"rendered":"http:\/\/www.vlbf.se\/wp\/?page_id=8"},"modified":"2025-06-09T10:42:33","modified_gmt":"2025-06-09T08:42:33","slug":"vilka-ar-med","status":"publish","type":"page","link":"https:\/\/www.vlbf.se\/?page_id=8","title":{"rendered":"Medlemmar"},"content":{"rendered":"\n<figure class=\"wp-block-image size-large is-resized\"><a href=\"http:\/\/www.vlbf.se\/wp-content\/uploads\/2024\/07\/ABF_logo.jpg\"><img loading=\"lazy\" src=\"http:\/\/www.vlbf.se\/wp-content\/uploads\/2024\/07\/ABF_logo-974x1024.jpg\" alt=\"\" class=\"wp-image-681\" width=\"184\" height=\"192\" srcset=\"https:\/\/www.vlbf.se\/wp-content\/uploads\/2024\/07\/ABF_logo-974x1024.jpg 974w, https:\/\/www.vlbf.se\/wp-content\/uploads\/2024\/07\/ABF_logo-640x673.jpg 640w, https:\/\/www.vlbf.se\/wp-content\/uploads\/2024\/07\/ABF_logo.jpg 1087w\" sizes=\"(max-width: 184px) 100vw, 184px\" \/><\/a><\/figure>\n\n\n\n<p>ABF grundades 1912, och \u00e4r med det inte bara Sveriges st\u00f6rsta utan ocks\u00e5 \u00e4ldsta studief\u00f6rbund.<br><a rel=\"noreferrer noopener\" href=\"http:\/\/www.abf.se\/\" target=\"_blank\">www.abf.se<\/a><\/p>\n\n\n\n<p><\/p>\n\n\n\n<p><\/p>\n\n\n\n<figure class=\"wp-block-image size-full is-resized\"><a href=\"https:\/\/www.vlbf.se\/wp-content\/uploads\/2024\/07\/Bilda-1.jpg\"><img loading=\"lazy\" src=\"https:\/\/www.vlbf.se\/wp-content\/uploads\/2024\/07\/Bilda-1.jpg\" alt=\"\" class=\"wp-image-700\" width=\"180\" height=\"121\"\/><\/a><\/figure>\n\n\n\n<p>Bilda arbetar utifr\u00e5n en kristen v\u00e4rdegrund, d\u00e4r m\u00e4nniskosynen \u00e4r en grundsten i verksamheten.<br><a rel=\"noreferrer noopener\" href=\"http:\/\/www.bilda.nu\/\" target=\"_blank\">www.bilda.nu<\/a><\/p>\n\n\n\n<p><\/p>\n\n\n\n<p><\/p>\n\n\n\n<figure class=\"wp-block-image size-full is-resized\"><a href=\"http:\/\/www.vlbf.se\/wp-content\/uploads\/2024\/07\/FU.jpg\"><img loading=\"lazy\" src=\"http:\/\/www.vlbf.se\/wp-content\/uploads\/2024\/07\/FU.jpg\" alt=\"\" class=\"wp-image-683\" width=\"301\" height=\"56\" srcset=\"https:\/\/www.vlbf.se\/wp-content\/uploads\/2024\/07\/FU.jpg 390w, https:\/\/www.vlbf.se\/wp-content\/uploads\/2024\/07\/FU-300x56.jpg 300w\" sizes=\"(max-width: 301px) 100vw, 301px\" \/><\/a><\/figure>\n\n\n\n<p>Folkuniversitetet vill vara en naturlig m\u00f6tesplats f\u00f6r m\u00e4nniskors fria kunskapss\u00f6kande.<br><a rel=\"noreferrer noopener\" href=\"http:\/\/www.folkuniversitetet.se\/\" target=\"_blank\">www.folkuniversitetet.se<\/a><\/p>\n\n\n\n<p><\/p>\n\n\n\n<p><\/p>\n\n\n\n<figure class=\"wp-block-image size-full is-resized\"><a href=\"http:\/\/www.vlbf.se\/wp-content\/uploads\/2024\/07\/Hastsportens-fhsk.jpg\"><img loading=\"lazy\" src=\"http:\/\/www.vlbf.se\/wp-content\/uploads\/2024\/07\/Hastsportens-fhsk.jpg\" alt=\"\" class=\"wp-image-695\" width=\"270\" height=\"113\" srcset=\"https:\/\/www.vlbf.se\/wp-content\/uploads\/2024\/07\/Hastsportens-fhsk.jpg 396w, https:\/\/www.vlbf.se\/wp-content\/uploads\/2024\/07\/Hastsportens-fhsk-300x125.jpg 300w\" sizes=\"(max-width: 270px) 100vw, 270px\" \/><\/a><\/figure>\n\n\n\n<p>H\u00e4stsportens folkh\u00f6gskola \u00e4r en ideell f\u00f6rening som har till \u00e4ndam\u00e5l att bedriva utbildning f\u00f6r \u00f6kad allm\u00e4n bildning samt kunskap och medvetenhet inom rid- trav- och galoppsporterna.<br><a rel=\"noreferrer noopener\" href=\"http:\/\/www.hastsportensfolkhogskola.se\/\" target=\"_blank\">www.hastsportensfolkhogskola.se<\/a><\/p>\n\n\n\n<p><\/p>\n\n\n\n<p><\/p>\n\n\n\n<p><\/p>\n\n\n\n<figure class=\"wp-block-image size-large is-resized\"><a href=\"https:\/\/www.vlbf.se\/wp-content\/uploads\/2024\/07\/Medborgarskolan_Logo_Bla_RGB_2.original_crop.png\"><img loading=\"lazy\" src=\"https:\/\/www.vlbf.se\/wp-content\/uploads\/2024\/07\/Medborgarskolan_Logo_Bla_RGB_2.original_crop-1024x366.png\" alt=\"\" class=\"wp-image-730\" width=\"268\" height=\"96\" srcset=\"https:\/\/www.vlbf.se\/wp-content\/uploads\/2024\/07\/Medborgarskolan_Logo_Bla_RGB_2.original_crop-1024x366.png 1024w, https:\/\/www.vlbf.se\/wp-content\/uploads\/2024\/07\/Medborgarskolan_Logo_Bla_RGB_2.original_crop-300x107.png 300w, https:\/\/www.vlbf.se\/wp-content\/uploads\/2024\/07\/Medborgarskolan_Logo_Bla_RGB_2.original_crop-768x275.png 768w, https:\/\/www.vlbf.se\/wp-content\/uploads\/2024\/07\/Medborgarskolan_Logo_Bla_RGB_2.original_crop-1040x372.png 1040w, https:\/\/www.vlbf.se\/wp-content\/uploads\/2024\/07\/Medborgarskolan_Logo_Bla_RGB_2.original_crop-640x229.png 640w, https:\/\/www.vlbf.se\/wp-content\/uploads\/2024\/07\/Medborgarskolan_Logo_Bla_RGB_2.original_crop.png 1211w\" sizes=\"(max-width: 268px) 100vw, 268px\" \/><\/a><\/figure>\n\n\n\n<p>Medborgarskolan \u00e4r ett humanistiskt studief\u00f6rbund som s\u00e4tter viljan att l\u00e4ra f\u00f6rst. Vi drivs av att utveckla m\u00e4nniskors intressen till ny kunskap \u2013 genom hela livet. Vi \u00e4r en ideell f\u00f6rening och v\u00e5r verksamhet \u00e4r \u00f6ppen f\u00f6r alla.<br><a rel=\"noreferrer noopener\" href=\"http:\/\/www.medborgarskolan.se\/\" target=\"_blank\">www.medborgarskolan.se<\/a><\/p>\n\n\n\n<p><\/p>\n\n\n\n<p><\/p>\n\n\n\n<figure class=\"wp-block-image size-full is-resized\"><a href=\"http:\/\/www.vlbf.se\/wp-content\/uploads\/2024\/07\/NBV.jpg\"><img loading=\"lazy\" src=\"http:\/\/www.vlbf.se\/wp-content\/uploads\/2024\/07\/NBV.jpg\" alt=\"\" class=\"wp-image-688\" width=\"206\" height=\"74\"\/><\/a><\/figure>\n\n\n\n<p>NBV, Nykterhetsr\u00f6relsens Bildningsverksamhet, f\u00e5r m\u00e4nniskor och id\u00e9er att v\u00e4xa. V\u00e5r verksamhet bygger p\u00e5 fritt och frivilligt folkbildningsarbete och vilar sedan 120 \u00e5r tillbaka p\u00e5 id\u00e9erna om nykterhet, demokrati och f\u00f6reningsliv.<br><a rel=\"noreferrer noopener\" href=\"http:\/\/www.nbv.se\/\" target=\"_blank\">www.nbv.se<\/a><\/p>\n\n\n\n<p><\/p>\n\n\n\n<p><\/p>\n\n\n\n<figure class=\"wp-block-image size-full is-resized\"><a href=\"http:\/\/www.vlbf.se\/wp-content\/uploads\/2024\/07\/RFsisu.jpg\"><img loading=\"lazy\" src=\"http:\/\/www.vlbf.se\/wp-content\/uploads\/2024\/07\/RFsisu.jpg\" alt=\"\" class=\"wp-image-690\" width=\"119\" height=\"119\" srcset=\"https:\/\/www.vlbf.se\/wp-content\/uploads\/2024\/07\/RFsisu.jpg 159w, https:\/\/www.vlbf.se\/wp-content\/uploads\/2024\/07\/RFsisu-150x150.jpg 150w\" sizes=\"(max-width: 119px) 100vw, 119px\" \/><\/a><\/figure>\n\n\n\n<p>RF-SISU V\u00e4stmanland f\u00f6retr\u00e4der, utvecklar, utbildar och st\u00f6djer regionens idrottsf\u00f6reningar.<br><a rel=\"noreferrer noopener\" href=\"https:\/\/www.rfsisu.se\/vastmanland\" target=\"_blank\">www.rfsisu.se<\/a><\/p>\n\n\n\n<p><\/p>\n\n\n\n<p><\/p>\n\n\n\n<p><\/p>\n\n\n\n<figure class=\"wp-block-image size-full is-resized\"><a href=\"http:\/\/www.vlbf.se\/wp-content\/uploads\/2024\/07\/Sensus_logo.jpg\"><img loading=\"lazy\" src=\"http:\/\/www.vlbf.se\/wp-content\/uploads\/2024\/07\/Sensus_logo.jpg\" alt=\"\" class=\"wp-image-689\" width=\"218\" height=\"44\" srcset=\"https:\/\/www.vlbf.se\/wp-content\/uploads\/2024\/07\/Sensus_logo.jpg 321w, https:\/\/www.vlbf.se\/wp-content\/uploads\/2024\/07\/Sensus_logo-300x60.jpg 300w\" sizes=\"(max-width: 218px) 100vw, 218px\" \/><\/a><\/figure>\n\n\n\n<p>Sensus \u00e4r ett studief\u00f6rbund som lyfter fram livsfr\u00e5gor, m\u00e5ngfald och globala fr\u00e5gor.<br><a rel=\"noreferrer noopener\" href=\"http:\/\/www.sensus.se\/\" target=\"_blank\">www.sensus.se<\/a><\/p>\n\n\n\n<p><\/p>\n\n\n\n<p><\/p>\n\n\n\n<figure class=\"wp-block-image size-full is-resized\"><a href=\"http:\/\/www.vlbf.se\/wp-content\/uploads\/2024\/07\/SFR-logo-red-RGB-logotyp-for-skarm.jpg\"><img loading=\"lazy\" src=\"http:\/\/www.vlbf.se\/wp-content\/uploads\/2024\/07\/SFR-logo-red-RGB-logotyp-for-skarm.jpg\" alt=\"\" class=\"wp-image-691\" width=\"241\" height=\"156\" srcset=\"https:\/\/www.vlbf.se\/wp-content\/uploads\/2024\/07\/SFR-logo-red-RGB-logotyp-for-skarm.jpg 700w, https:\/\/www.vlbf.se\/wp-content\/uploads\/2024\/07\/SFR-logo-red-RGB-logotyp-for-skarm-300x194.jpg 300w, https:\/\/www.vlbf.se\/wp-content\/uploads\/2024\/07\/SFR-logo-red-RGB-logotyp-for-skarm-640x413.jpg 640w\" sizes=\"(max-width: 241px) 100vw, 241px\" \/><\/a><\/figure>\n\n\n\n<p>Studiefr\u00e4mjandet \u00e4r s\u00e4rskilt inriktat p\u00e5 natur, djur, milj\u00f6 och kultur \u2013framf\u00f6r allt ungdomskultur.<br><a rel=\"noreferrer noopener\" href=\"http:\/\/www.studieframjandet.se\/\" target=\"_blank\">www.studieframjandet.se<\/a><\/p>\n\n\n\n<p><\/p>\n\n\n\n<p><\/p>\n\n\n\n<figure class=\"wp-block-image size-full is-resized\"><a href=\"http:\/\/www.vlbf.se\/wp-content\/uploads\/2024\/07\/sv2pos_75svart.png\"><img loading=\"lazy\" src=\"http:\/\/www.vlbf.se\/wp-content\/uploads\/2024\/07\/sv2pos_75svart.png\" alt=\"\" class=\"wp-image-694\" width=\"303\" height=\"93\" srcset=\"https:\/\/www.vlbf.se\/wp-content\/uploads\/2024\/07\/sv2pos_75svart.png 763w, https:\/\/www.vlbf.se\/wp-content\/uploads\/2024\/07\/sv2pos_75svart-300x93.png 300w, https:\/\/www.vlbf.se\/wp-content\/uploads\/2024\/07\/sv2pos_75svart-640x198.png 640w\" sizes=\"(max-width: 303px) 100vw, 303px\" \/><\/a><\/figure>\n\n\n\n<p>Studief\u00f6rbundet Vuxenskolan h\u00e4vdar alla m\u00e4nniskors lika v\u00e4rde och r\u00e4ttigheter och vill genom sin verksamhet st\u00e4rka demokratin.<br><a rel=\"noreferrer noopener\" href=\"http:\/\/www.sv.se\/\" target=\"_blank\">www.sv.se<\/a><\/p>\n\n\n\n<p><\/p>\n\n\n\n<p><\/p>\n\n\n\n<figure class=\"wp-block-image size-large is-resized\"><a href=\"http:\/\/www.vlbf.se\/wp-content\/uploads\/2024\/07\/Logo-Tarna-Bladring-tagline-prim.png\"><img loading=\"lazy\" src=\"http:\/\/www.vlbf.se\/wp-content\/uploads\/2024\/07\/Logo-Tarna-Bladring-tagline-prim-1024x339.png\" alt=\"\" class=\"wp-image-697\" width=\"303\" height=\"99\" srcset=\"https:\/\/www.vlbf.se\/wp-content\/uploads\/2024\/07\/Logo-Tarna-Bladring-tagline-prim-1024x339.png 1024w, https:\/\/www.vlbf.se\/wp-content\/uploads\/2024\/07\/Logo-Tarna-Bladring-tagline-prim-300x99.png 300w, https:\/\/www.vlbf.se\/wp-content\/uploads\/2024\/07\/Logo-Tarna-Bladring-tagline-prim-768x254.png 768w, https:\/\/www.vlbf.se\/wp-content\/uploads\/2024\/07\/Logo-Tarna-Bladring-tagline-prim-1536x508.png 1536w, https:\/\/www.vlbf.se\/wp-content\/uploads\/2024\/07\/Logo-Tarna-Bladring-tagline-prim-2048x678.png 2048w, https:\/\/www.vlbf.se\/wp-content\/uploads\/2024\/07\/Logo-Tarna-Bladring-tagline-prim-1040x344.png 1040w, https:\/\/www.vlbf.se\/wp-content\/uploads\/2024\/07\/Logo-Tarna-Bladring-tagline-prim-640x212.png 640w\" sizes=\"(max-width: 303px) 100vw, 303px\" \/><\/a><\/figure>\n\n\n\n<p>En folkh\u00f6gskola \u00e4r n\u00e5got unikt. Det handlar inte bara om att l\u00e4sa \u00e4mnen. H\u00e4r g\u00e4ller det hela m\u00e4nniskans utveckling.<br><a rel=\"noreferrer noopener\" href=\"http:\/\/www.tarna.fhsk.se\/\" target=\"_blank\">www.tarna.fhsk.se<\/a><\/p>\n\n\n\n<p><\/p>\n\n\n\n<p><\/p>\n\n\n\n<figure class=\"wp-block-image size-full is-resized\"><a href=\"http:\/\/www.vlbf.se\/wp-content\/uploads\/2024\/07\/Vfhsk.jpg\"><img loading=\"lazy\" src=\"http:\/\/www.vlbf.se\/wp-content\/uploads\/2024\/07\/Vfhsk.jpg\" alt=\"\" class=\"wp-image-698\" width=\"280\" height=\"104\" srcset=\"https:\/\/www.vlbf.se\/wp-content\/uploads\/2024\/07\/Vfhsk.jpg 338w, https:\/\/www.vlbf.se\/wp-content\/uploads\/2024\/07\/Vfhsk-300x111.jpg 300w\" sizes=\"(max-width: 280px) 100vw, 280px\" \/><\/a><\/figure>\n\n\n\n<p>Fr\u00e5n \u00e5r 2020 har V\u00e4ster\u00e5s folkh\u00f6gskola och Bergslagens folkh\u00f6gskola g\u00e5tt ihop och bedriver undervisning i V\u00e4ster\u00e5s (i Dj\u00e4knebergsskolan och i B\u00e4ckbyhuset), i K\u00f6ping och p\u00e5 distans.<br><a rel=\"noreferrer noopener\" href=\"http:\/\/www.vfhsk.se\/\" target=\"_blank\">www.vfhsk.se<\/a><\/p>\n","protected":false},"excerpt":{"rendered":"<p>ABF grundades 1912, och \u00e4r med det inte bara Sveriges st\u00f6rsta utan ocks\u00e5 \u00e4ldsta studief\u00f6rbund.www.abf.se Bilda arbetar utifr\u00e5n en kristen&#8230;<\/p>\n","protected":false},"author":5,"featured_media":0,"parent":0,"menu_order":0,"comment_status":"closed","ping_status":"open","template":"","meta":[],"_links":{"self":[{"href":"https:\/\/www.vlbf.se\/index.php?rest_route=\/wp\/v2\/pages\/8"}],"collection":[{"href":"https:\/\/www.vlbf.se\/index.php?rest_route=\/wp\/v2\/pages"}],"about":[{"href":"https:\/\/www.vlbf.se\/index.php?rest_route=\/wp\/v2\/types\/page"}],"author":[{"embeddable":true,"href":"https:\/\/www.vlbf.se\/index.php?rest_route=\/wp\/v2\/users\/5"}],"replies":[{"embeddable":true,"href":"https:\/\/www.vlbf.se\/index.php?rest_route=%2Fwp%2Fv2%2Fcomments&post=8"}],"version-history":[{"count":28,"href":"https:\/\/www.vlbf.se\/index.php?rest_route=\/wp\/v2\/pages\/8\/revisions"}],"predecessor-version":[{"id":740,"href":"https:\/\/www.vlbf.se\/index.php?rest_route=\/wp\/v2\/pages\/8\/revisions\/740"}],"wp:attachment":[{"href":"https:\/\/www.vlbf.se\/index.php?rest_route=%2Fwp%2Fv2%2Fmedia&parent=8"}],"curies":[{"name":"wp","href":"https:\/\/api.w.org\/{rel}","templated":true}]}}